{"id":1514,"date":"2024-03-05T23:00:39","date_gmt":"2024-03-05T22:00:39","guid":{"rendered":"http:\/\/sonika.sk\/?page_id=1514"},"modified":"2024-03-06T00:04:13","modified_gmt":"2024-03-05T23:04:13","slug":"fotografovanie-v-slnecniciach","status":"publish","type":"page","link":"http:\/\/sonika.sk\/?page_id=1514","title":{"rendered":"Fotografovanie v slne\u010dniciach"},"content":{"rendered":"<p>[vc_row][vc_column][vc_column_text]<\/p>\n<h2 style=\"text-align: center;\">Mil\u00e9 rodinky!<\/h2>\n<p>&nbsp;<\/p>\n<p style=\"text-align: center;\">M\u00e1m pre V\u00e1s mo\u017enos\u0165 z\u00fa\u010dastni\u0165 sa rodinn\u00e9ho fotenia v n\u00e1dhernom slne\u010dnicovom poli, ktor\u00e9 prebieha po\u010das letn\u00fdch mesiacov. Tento typ fotenia je ide\u00e1lny na zachytenie kr\u00e1snych letn\u00fdch momentov a vytvorenie osvie\u017euj\u00facich fotografi\u00ed do V\u00e1\u0161ho rodinn\u00e9ho albumu.<\/p>\n<p style=\"text-align: center;\">Na tento typ fotenia sa odpor\u00fa\u010daj\u00fa outfity v pastelov\u00fdch farb\u00e1ch, ako s\u00fa biela, \u017elt\u00e1, modr\u00e1 a in\u00e9 jemn\u00e9 odtiene, ktor\u00e9 ladia s pozad\u00edm slne\u010dnicov\u00e9ho po\u013ea a doplnia n\u00e1dhern\u00fd zlatist\u00fd n\u00e1dych slne\u010dn\u00edc.<\/p>\n<p>&nbsp;<\/p>\n<p><img loading=\"lazy\" class=\"alignnone size-full wp-image-1516\" src=\"http:\/\/sonika.sk\/wp-content\/uploads\/2024\/03\/DSC_0572-scaled.jpg\" alt=\"\" width=\"1709\" height=\"2560\" srcset=\"http:\/\/sonika.sk\/wp-content\/uploads\/2024\/03\/DSC_0572-scaled.jpg 1709w, http:\/\/sonika.sk\/wp-content\/uploads\/2024\/03\/DSC_0572-200x300.jpg 200w, http:\/\/sonika.sk\/wp-content\/uploads\/2024\/03\/DSC_0572-684x1024.jpg 684w, http:\/\/sonika.sk\/wp-content\/uploads\/2024\/03\/DSC_0572-768x1150.jpg 768w, http:\/\/sonika.sk\/wp-content\/uploads\/2024\/03\/DSC_0572-1025x1536.jpg 1025w, http:\/\/sonika.sk\/wp-content\/uploads\/2024\/03\/DSC_0572-1367x2048.jpg 1367w\" sizes=\"(max-width: 1709px) 100vw, 1709px\" \/><img loading=\"lazy\" class=\"alignnone size-full wp-image-1518\" src=\"http:\/\/sonika.sk\/wp-content\/uploads\/2024\/03\/DSC_0608-scaled.jpg\" alt=\"\" width=\"2560\" height=\"1709\" srcset=\"http:\/\/sonika.sk\/wp-content\/uploads\/2024\/03\/DSC_0608-scaled.jpg 2560w, http:\/\/sonika.sk\/wp-content\/uploads\/2024\/03\/DSC_0608-300x200.jpg 300w, http:\/\/sonika.sk\/wp-content\/uploads\/2024\/03\/DSC_0608-1024x684.jpg 1024w, http:\/\/sonika.sk\/wp-content\/uploads\/2024\/03\/DSC_0608-768x513.jpg 768w, http:\/\/sonika.sk\/wp-content\/uploads\/2024\/03\/DSC_0608-1536x1025.jpg 1536w, http:\/\/sonika.sk\/wp-content\/uploads\/2024\/03\/DSC_0608-2048x1367.jpg 2048w\" sizes=\"(max-width: 2560px) 100vw, 2560px\" \/><img loading=\"lazy\" class=\"alignnone size-full wp-image-1522\" src=\"http:\/\/sonika.sk\/wp-content\/uploads\/2024\/03\/DSC_0543-scaled.jpg\" alt=\"\" width=\"2560\" height=\"1709\" srcset=\"http:\/\/sonika.sk\/wp-content\/uploads\/2024\/03\/DSC_0543-scaled.jpg 2560w, http:\/\/sonika.sk\/wp-content\/uploads\/2024\/03\/DSC_0543-300x200.jpg 300w, http:\/\/sonika.sk\/wp-content\/uploads\/2024\/03\/DSC_0543-1024x684.jpg 1024w, http:\/\/sonika.sk\/wp-content\/uploads\/2024\/03\/DSC_0543-768x513.jpg 768w, http:\/\/sonika.sk\/wp-content\/uploads\/2024\/03\/DSC_0543-1536x1025.jpg 1536w, http:\/\/sonika.sk\/wp-content\/uploads\/2024\/03\/DSC_0543-2048x1367.jpg 2048w\" sizes=\"(max-width: 2560px) 100vw, 2560px\" \/><img loading=\"lazy\" class=\"alignnone size-full wp-image-1523\" src=\"http:\/\/sonika.sk\/wp-content\/uploads\/2024\/03\/DSC_0598-scaled.jpg\" alt=\"\" width=\"1709\" height=\"2560\" srcset=\"http:\/\/sonika.sk\/wp-content\/uploads\/2024\/03\/DSC_0598-scaled.jpg 1709w, http:\/\/sonika.sk\/wp-content\/uploads\/2024\/03\/DSC_0598-200x300.jpg 200w, http:\/\/sonika.sk\/wp-content\/uploads\/2024\/03\/DSC_0598-684x1024.jpg 684w, http:\/\/sonika.sk\/wp-content\/uploads\/2024\/03\/DSC_0598-768x1150.jpg 768w, http:\/\/sonika.sk\/wp-content\/uploads\/2024\/03\/DSC_0598-1025x1536.jpg 1025w, http:\/\/sonika.sk\/wp-content\/uploads\/2024\/03\/DSC_0598-1367x2048.jpg 1367w\" sizes=\"(max-width: 1709px) 100vw, 1709px\" \/><img loading=\"lazy\" class=\"alignnone size-full wp-image-1521\" src=\"http:\/\/sonika.sk\/wp-content\/uploads\/2024\/03\/DSC_6282-scaled.jpg\" alt=\"\" width=\"1707\" height=\"2560\" srcset=\"http:\/\/sonika.sk\/wp-content\/uploads\/2024\/03\/DSC_6282-scaled.jpg 1707w, http:\/\/sonika.sk\/wp-content\/uploads\/2024\/03\/DSC_6282-200x300.jpg 200w, http:\/\/sonika.sk\/wp-content\/uploads\/2024\/03\/DSC_6282-683x1024.jpg 683w, http:\/\/sonika.sk\/wp-content\/uploads\/2024\/03\/DSC_6282-768x1152.jpg 768w, http:\/\/sonika.sk\/wp-content\/uploads\/2024\/03\/DSC_6282-1024x1536.jpg 1024w, http:\/\/sonika.sk\/wp-content\/uploads\/2024\/03\/DSC_6282-1365x2048.jpg 1365w\" sizes=\"(max-width: 1707px) 100vw, 1707px\" \/>[\/vc_column_text][\/vc_column][\/vc_row]<\/p>\n","protected":false},"excerpt":{"rendered":"<p>[vc_row][vc_column][vc_column_text] Mil\u00e9 rodinky! &nbsp; M\u00e1m pre V\u00e1s mo\u017enos\u0165 z\u00fa\u010dastni\u0165 sa rodinn\u00e9ho fotenia v n\u00e1dhernom slne\u010dnicovom poli, ktor\u00e9 prebieha po\u010das letn\u00fdch mesiacov. Tento typ fotenia je ide\u00e1lny na zachytenie kr\u00e1snych letn\u00fdch [&hellip;]<\/p>\n","protected":false},"author":2,"featured_media":0,"parent":0,"menu_order":0,"comment_status":"closed","ping_status":"closed","template":"","meta":{"_mi_skip_tracking":false,"ngg_post_thumbnail":0},"yoast_head":"<!-- This site is optimized with the Yoast SEO plugin v18.8 - https:\/\/yoast.com\/wordpress\/plugins\/seo\/ -->\n<title>Fotografovanie v slne\u010dniciach - So\u0148a Kab\u00e1tov\u00e1 - SONIKA<\/title>\n<meta name=\"robots\" content=\"index, follow, max-snippet:-1, max-image-preview:large, max-video-preview:-1\" \/>\n<link rel=\"canonical\" href=\"https:\/\/sonika.sk\/?page_id=1514\" \/>\n<meta property=\"og:locale\" content=\"sk_SK\" \/>\n<meta property=\"og:type\" content=\"article\" \/>\n<meta property=\"og:title\" content=\"Fotografovanie v slne\u010dniciach - So\u0148a Kab\u00e1tov\u00e1 - SONIKA\" \/>\n<meta property=\"og:description\" content=\"[vc_row][vc_column][vc_column_text] Mil\u00e9 rodinky! &nbsp; M\u00e1m pre V\u00e1s mo\u017enos\u0165 z\u00fa\u010dastni\u0165 sa rodinn\u00e9ho fotenia v n\u00e1dhernom slne\u010dnicovom poli, ktor\u00e9 prebieha po\u010das letn\u00fdch mesiacov. Tento typ fotenia je ide\u00e1lny na zachytenie kr\u00e1snych letn\u00fdch [&hellip;]\" \/>\n<meta property=\"og:url\" content=\"https:\/\/sonika.sk\/?page_id=1514\" \/>\n<meta property=\"og:site_name\" content=\"So\u0148a Kab\u00e1tov\u00e1 - SONIKA\" \/>\n<meta property=\"article:modified_time\" content=\"2024-03-05T23:04:13+00:00\" \/>\n<meta property=\"og:image\" content=\"http:\/\/sonika.sk\/wp-content\/uploads\/2024\/03\/DSC_0572-scaled.jpg\" \/>\n<meta name=\"twitter:card\" content=\"summary_large_image\" \/>\n<meta name=\"twitter:label1\" content=\"Predpokladan\u00fd \u010das \u010d\u00edtania\" \/>\n\t<meta name=\"twitter:data1\" content=\"1 min\u00fata\" \/>\n<script type=\"application\/ld+json\" class=\"yoast-schema-graph\">{\"@context\":\"https:\/\/schema.org\",\"@graph\":[{\"@type\":[\"Person\",\"Organization\"],\"@id\":\"http:\/\/sonika.sk\/#\/schema\/person\/af4af21d3691d05680030cceaf0d8485\",\"name\":\"So\u0148a Kab\u00e1tov\u00e1\",\"image\":{\"@type\":\"ImageObject\",\"inLanguage\":\"sk-SK\",\"@id\":\"http:\/\/sonika.sk\/#\/schema\/person\/image\/\",\"url\":\"http:\/\/1.gravatar.com\/avatar\/767bac3a677d8299a707cfeb0a56a270?s=96&d=mm&r=g\",\"contentUrl\":\"http:\/\/1.gravatar.com\/avatar\/767bac3a677d8299a707cfeb0a56a270?s=96&d=mm&r=g\",\"caption\":\"So\u0148a Kab\u00e1tov\u00e1\"},\"logo\":{\"@id\":\"http:\/\/sonika.sk\/#\/schema\/person\/image\/\"}},{\"@type\":\"WebSite\",\"@id\":\"http:\/\/sonika.sk\/#website\",\"url\":\"http:\/\/sonika.sk\/\",\"name\":\"So\u0148a Kab\u00e1tov\u00e1 - SONIKA\",\"description\":\"SVADOBN\u00c1, RODINN\u00c1 A NOVORODENECK\u00c1 FOTOGRAFKA\",\"publisher\":{\"@id\":\"http:\/\/sonika.sk\/#\/schema\/person\/af4af21d3691d05680030cceaf0d8485\"},\"potentialAction\":[{\"@type\":\"SearchAction\",\"target\":{\"@type\":\"EntryPoint\",\"urlTemplate\":\"http:\/\/sonika.sk\/?s={search_term_string}\"},\"query-input\":\"required name=search_term_string\"}],\"inLanguage\":\"sk-SK\"},{\"@type\":\"ImageObject\",\"inLanguage\":\"sk-SK\",\"@id\":\"https:\/\/sonika.sk\/?page_id=1514#primaryimage\",\"url\":\"http:\/\/sonika.sk\/wp-content\/uploads\/2024\/03\/DSC_0572-scaled.jpg\",\"contentUrl\":\"http:\/\/sonika.sk\/wp-content\/uploads\/2024\/03\/DSC_0572-scaled.jpg\",\"width\":1709,\"height\":2560},{\"@type\":\"WebPage\",\"@id\":\"https:\/\/sonika.sk\/?page_id=1514#webpage\",\"url\":\"https:\/\/sonika.sk\/?page_id=1514\",\"name\":\"Fotografovanie v slne\u010dniciach - So\u0148a Kab\u00e1tov\u00e1 - SONIKA\",\"isPartOf\":{\"@id\":\"http:\/\/sonika.sk\/#website\"},\"primaryImageOfPage\":{\"@id\":\"https:\/\/sonika.sk\/?page_id=1514#primaryimage\"},\"datePublished\":\"2024-03-05T22:00:39+00:00\",\"dateModified\":\"2024-03-05T23:04:13+00:00\",\"breadcrumb\":{\"@id\":\"https:\/\/sonika.sk\/?page_id=1514#breadcrumb\"},\"inLanguage\":\"sk-SK\",\"potentialAction\":[{\"@type\":\"ReadAction\",\"target\":[\"https:\/\/sonika.sk\/?page_id=1514\"]}]},{\"@type\":\"BreadcrumbList\",\"@id\":\"https:\/\/sonika.sk\/?page_id=1514#breadcrumb\",\"itemListElement\":[{\"@type\":\"ListItem\",\"position\":1,\"name\":\"Home\",\"item\":\"http:\/\/sonika.sk\/\"},{\"@type\":\"ListItem\",\"position\":2,\"name\":\"Fotografovanie v slne\u010dniciach\"}]}]}<\/script>\n<!-- \/ Yoast SEO plugin. -->","yoast_head_json":{"title":"Fotografovanie v slne\u010dniciach - So\u0148a Kab\u00e1tov\u00e1 - SONIKA","robots":{"index":"index","follow":"follow","max-snippet":"max-snippet:-1","max-image-preview":"max-image-preview:large","max-video-preview":"max-video-preview:-1"},"canonical":"https:\/\/sonika.sk\/?page_id=1514","og_locale":"sk_SK","og_type":"article","og_title":"Fotografovanie v slne\u010dniciach - So\u0148a Kab\u00e1tov\u00e1 - SONIKA","og_description":"[vc_row][vc_column][vc_column_text] Mil\u00e9 rodinky! &nbsp; M\u00e1m pre V\u00e1s mo\u017enos\u0165 z\u00fa\u010dastni\u0165 sa rodinn\u00e9ho fotenia v n\u00e1dhernom slne\u010dnicovom poli, ktor\u00e9 prebieha po\u010das letn\u00fdch mesiacov. Tento typ fotenia je ide\u00e1lny na zachytenie kr\u00e1snych letn\u00fdch [&hellip;]","og_url":"https:\/\/sonika.sk\/?page_id=1514","og_site_name":"So\u0148a Kab\u00e1tov\u00e1 - SONIKA","article_modified_time":"2024-03-05T23:04:13+00:00","og_image":[{"url":"http:\/\/sonika.sk\/wp-content\/uploads\/2024\/03\/DSC_0572-scaled.jpg"}],"twitter_card":"summary_large_image","twitter_misc":{"Predpokladan\u00fd \u010das \u010d\u00edtania":"1 min\u00fata"},"schema":{"@context":"https:\/\/schema.org","@graph":[{"@type":["Person","Organization"],"@id":"http:\/\/sonika.sk\/#\/schema\/person\/af4af21d3691d05680030cceaf0d8485","name":"So\u0148a Kab\u00e1tov\u00e1","image":{"@type":"ImageObject","inLanguage":"sk-SK","@id":"http:\/\/sonika.sk\/#\/schema\/person\/image\/","url":"http:\/\/1.gravatar.com\/avatar\/767bac3a677d8299a707cfeb0a56a270?s=96&d=mm&r=g","contentUrl":"http:\/\/1.gravatar.com\/avatar\/767bac3a677d8299a707cfeb0a56a270?s=96&d=mm&r=g","caption":"So\u0148a Kab\u00e1tov\u00e1"},"logo":{"@id":"http:\/\/sonika.sk\/#\/schema\/person\/image\/"}},{"@type":"WebSite","@id":"http:\/\/sonika.sk\/#website","url":"http:\/\/sonika.sk\/","name":"So\u0148a Kab\u00e1tov\u00e1 - SONIKA","description":"SVADOBN\u00c1, RODINN\u00c1 A NOVORODENECK\u00c1 FOTOGRAFKA","publisher":{"@id":"http:\/\/sonika.sk\/#\/schema\/person\/af4af21d3691d05680030cceaf0d8485"},"potentialAction":[{"@type":"SearchAction","target":{"@type":"EntryPoint","urlTemplate":"http:\/\/sonika.sk\/?s={search_term_string}"},"query-input":"required name=search_term_string"}],"inLanguage":"sk-SK"},{"@type":"ImageObject","inLanguage":"sk-SK","@id":"https:\/\/sonika.sk\/?page_id=1514#primaryimage","url":"http:\/\/sonika.sk\/wp-content\/uploads\/2024\/03\/DSC_0572-scaled.jpg","contentUrl":"http:\/\/sonika.sk\/wp-content\/uploads\/2024\/03\/DSC_0572-scaled.jpg","width":1709,"height":2560},{"@type":"WebPage","@id":"https:\/\/sonika.sk\/?page_id=1514#webpage","url":"https:\/\/sonika.sk\/?page_id=1514","name":"Fotografovanie v slne\u010dniciach - So\u0148a Kab\u00e1tov\u00e1 - SONIKA","isPartOf":{"@id":"http:\/\/sonika.sk\/#website"},"primaryImageOfPage":{"@id":"https:\/\/sonika.sk\/?page_id=1514#primaryimage"},"datePublished":"2024-03-05T22:00:39+00:00","dateModified":"2024-03-05T23:04:13+00:00","breadcrumb":{"@id":"https:\/\/sonika.sk\/?page_id=1514#breadcrumb"},"inLanguage":"sk-SK","potentialAction":[{"@type":"ReadAction","target":["https:\/\/sonika.sk\/?page_id=1514"]}]},{"@type":"BreadcrumbList","@id":"https:\/\/sonika.sk\/?page_id=1514#breadcrumb","itemListElement":[{"@type":"ListItem","position":1,"name":"Home","item":"http:\/\/sonika.sk\/"},{"@type":"ListItem","position":2,"name":"Fotografovanie v slne\u010dniciach"}]}]}},"_links":{"self":[{"href":"http:\/\/sonika.sk\/index.php?rest_route=\/wp\/v2\/pages\/1514"}],"collection":[{"href":"http:\/\/sonika.sk\/index.php?rest_route=\/wp\/v2\/pages"}],"about":[{"href":"http:\/\/sonika.sk\/index.php?rest_route=\/wp\/v2\/types\/page"}],"author":[{"embeddable":true,"href":"http:\/\/sonika.sk\/index.php?rest_route=\/wp\/v2\/users\/2"}],"replies":[{"embeddable":true,"href":"http:\/\/sonika.sk\/index.php?rest_route=%2Fwp%2Fv2%2Fcomments&post=1514"}],"version-history":[{"count":3,"href":"http:\/\/sonika.sk\/index.php?rest_route=\/wp\/v2\/pages\/1514\/revisions"}],"predecessor-version":[{"id":1526,"href":"http:\/\/sonika.sk\/index.php?rest_route=\/wp\/v2\/pages\/1514\/revisions\/1526"}],"wp:attachment":[{"href":"http:\/\/sonika.sk\/index.php?rest_route=%2Fwp%2Fv2%2Fmedia&parent=1514"}],"curies":[{"name":"wp","href":"https:\/\/api.w.org\/{rel}","templated":true}]}}